{"id":206,"date":"2022-10-10T16:15:43","date_gmt":"2022-10-10T14:15:43","guid":{"rendered":"https:\/\/davidsibieude.art\/?page_id=206"},"modified":"2022-11-17T15:19:47","modified_gmt":"2022-11-17T14:19:47","slug":"exposition-bielger","status":"publish","type":"page","link":"https:\/\/davidsibieude.art\/index.php\/exposition-bielger\/","title":{"rendered":"Exposition Bielger"},"content":{"rendered":"\n<p>Galerie \u00e9ph\u00e9m\u00e8re Bielger &#8211; 2, place de l&rsquo;Universit\u00e9 \u00e0 Strasbourg, France &#8211; 24, 25 et 26 juillet 2020<\/p>\n\n\n\n<div style=\"height:100px\" aria-hidden=\"true\" class=\"wp-block-spacer\"><\/div>\n\n\n\n<p>Cette exposition s&rsquo;est tenue \u00e0 la galerie \u00e9ph\u00e9m\u00e8re Bielger. Elle s&rsquo;est d\u00e9roul\u00e9e sur une fin de semaine et a r\u00e9uni quatre jeunes artistes : la dessinatrice et peintre Camille Fischer, le sculpteur Max Coulon, le peintre Jean-Baptiste Defrance ainsi que moi-m\u00eame. Le commissariat de cette exposition \u00e9tait assur\u00e9 par Marie-Louise Bielger. Celle-ci nous a gracieusement mis \u00e0 disposition son appartement et nous donn\u00e9 carte blanche pour agencer les diff\u00e9rentes \u0153uvres entre elles.<br>J&rsquo;y est pr\u00e9sent\u00e9 uniquement des peintures de la s\u00e9rie <a href=\"https:\/\/davidsibieude.art\/index.php\/peinture-sans-support-peinture-installee\/\"><em>Peinture sans support \/ Peinture install\u00e9e<\/em><\/a>.<\/p>\n\n\n\n<div style=\"height:100px\" aria-hidden=\"true\" class=\"wp-block-spacer\"><\/div>\n\n\n\n<figure class=\"wp-block-image size-large is-resized\"><img data-recalc-dims=\"1\" loading=\"lazy\" decoding=\"async\" src=\"https:\/\/i0.wp.com\/davidsibieude.art\/wp-content\/uploads\/2022\/10\/invitation-exposition-Marie-Louise-Bielger-site-internet.jpg?resize=921%2C1306&#038;ssl=1\" alt=\"\" class=\"wp-image-226\" width=\"921\" height=\"1306\" srcset=\"https:\/\/i0.wp.com\/davidsibieude.art\/wp-content\/uploads\/2022\/10\/invitation-exposition-Marie-Louise-Bielger-site-internet.jpg?resize=722%2C1024&amp;ssl=1 722w, https:\/\/i0.wp.com\/davidsibieude.art\/wp-content\/uploads\/2022\/10\/invitation-exposition-Marie-Louise-Bielger-site-internet.jpg?resize=211%2C300&amp;ssl=1 211w, https:\/\/i0.wp.com\/davidsibieude.art\/wp-content\/uploads\/2022\/10\/invitation-exposition-Marie-Louise-Bielger-site-internet.jpg?resize=768%2C1090&amp;ssl=1 768w, https:\/\/i0.wp.com\/davidsibieude.art\/wp-content\/uploads\/2022\/10\/invitation-exposition-Marie-Louise-Bielger-site-internet.jpg?resize=1083%2C1536&amp;ssl=1 1083w, https:\/\/i0.wp.com\/davidsibieude.art\/wp-content\/uploads\/2022\/10\/invitation-exposition-Marie-Louise-Bielger-site-internet.jpg?resize=1444%2C2048&amp;ssl=1 1444w, https:\/\/i0.wp.com\/davidsibieude.art\/wp-content\/uploads\/2022\/10\/invitation-exposition-Marie-Louise-Bielger-site-internet.jpg?w=1748&amp;ssl=1 1748w\" sizes=\"auto, (max-width: 921px) 100vw, 921px\" \/><figcaption class=\"wp-element-caption\"><strong>Exposition Bielger<\/strong> \/ Carton d&rsquo;invitation &#8211; 2020<\/figcaption><\/figure>\n\n\n\n<div style=\"height:100px\" aria-hidden=\"true\" class=\"wp-block-spacer\"><\/div>\n\n\n\n<figure class=\"wp-block-image size-large\"><img data-recalc-dims=\"1\" loading=\"lazy\" decoding=\"async\" width=\"1024\" height=\"768\" src=\"https:\/\/i0.wp.com\/davidsibieude.art\/wp-content\/uploads\/2022\/11\/DSCN2250.jpg?resize=1024%2C768&#038;ssl=1\" alt=\"\" class=\"wp-image-1453\" srcset=\"https:\/\/i0.wp.com\/davidsibieude.art\/wp-content\/uploads\/2022\/11\/DSCN2250.jpg?resize=1024%2C768&amp;ssl=1 1024w, https:\/\/i0.wp.com\/davidsibieude.art\/wp-content\/uploads\/2022\/11\/DSCN2250.jpg?resize=300%2C225&amp;ssl=1 300w, https:\/\/i0.wp.com\/davidsibieude.art\/wp-content\/uploads\/2022\/11\/DSCN2250.jpg?resize=768%2C576&amp;ssl=1 768w, https:\/\/i0.wp.com\/davidsibieude.art\/wp-content\/uploads\/2022\/11\/DSCN2250.jpg?resize=1536%2C1151&amp;ssl=1 1536w, https:\/\/i0.wp.com\/davidsibieude.art\/wp-content\/uploads\/2022\/11\/DSCN2250.jpg?w=1969&amp;ssl=1 1969w\" sizes=\"auto, (max-width: 1024px) 100vw, 1024px\" \/><figcaption class=\"wp-element-caption\"><strong>Exposition Bielger<\/strong> \/ Vue de l&rsquo;exposition &#8211; 2020<\/figcaption><\/figure>\n\n\n\n<div style=\"height:100px\" aria-hidden=\"true\" class=\"wp-block-spacer\"><\/div>\n\n\n\n<figure class=\"wp-block-image size-large is-resized\"><img data-recalc-dims=\"1\" loading=\"lazy\" decoding=\"async\" src=\"https:\/\/i0.wp.com\/davidsibieude.art\/wp-content\/uploads\/2022\/11\/DSCN2224.jpg?resize=999%2C1332&#038;ssl=1\" alt=\"\" class=\"wp-image-1437\" width=\"999\" height=\"1332\" srcset=\"https:\/\/i0.wp.com\/davidsibieude.art\/wp-content\/uploads\/2022\/11\/DSCN2224.jpg?resize=768%2C1025&amp;ssl=1 768w, https:\/\/i0.wp.com\/davidsibieude.art\/wp-content\/uploads\/2022\/11\/DSCN2224.jpg?resize=225%2C300&amp;ssl=1 225w, https:\/\/i0.wp.com\/davidsibieude.art\/wp-content\/uploads\/2022\/11\/DSCN2224.jpg?resize=1151%2C1536&amp;ssl=1 1151w, https:\/\/i0.wp.com\/davidsibieude.art\/wp-content\/uploads\/2022\/11\/DSCN2224.jpg?w=1476&amp;ssl=1 1476w\" sizes=\"auto, (max-width: 999px) 100vw, 999px\" \/><figcaption class=\"wp-element-caption\"><strong>Exposition Bielger <\/strong>\/ St\u00e9phane &#8211; 2019<\/figcaption><\/figure>\n\n\n\n<div style=\"height:100px\" aria-hidden=\"true\" class=\"wp-block-spacer\"><\/div>\n\n\n\n<figure class=\"wp-block-image size-large is-resized\"><img data-recalc-dims=\"1\" loading=\"lazy\" decoding=\"async\" src=\"https:\/\/i0.wp.com\/davidsibieude.art\/wp-content\/uploads\/2022\/11\/DSCN2236.jpg?resize=1000%2C1333&#038;ssl=1\" alt=\"\" class=\"wp-image-1446\" width=\"1000\" height=\"1333\" srcset=\"https:\/\/i0.wp.com\/davidsibieude.art\/wp-content\/uploads\/2022\/11\/DSCN2236.jpg?resize=768%2C1025&amp;ssl=1 768w, https:\/\/i0.wp.com\/davidsibieude.art\/wp-content\/uploads\/2022\/11\/DSCN2236.jpg?resize=225%2C300&amp;ssl=1 225w, https:\/\/i0.wp.com\/davidsibieude.art\/wp-content\/uploads\/2022\/11\/DSCN2236.jpg?resize=1151%2C1536&amp;ssl=1 1151w, https:\/\/i0.wp.com\/davidsibieude.art\/wp-content\/uploads\/2022\/11\/DSCN2236.jpg?w=1476&amp;ssl=1 1476w\" sizes=\"auto, (max-width: 1000px) 100vw, 1000px\" \/><figcaption class=\"wp-element-caption\"><strong>Exposition Bielger<\/strong> \/ Ailleurs sur une ligne br\u00fblante glissent des ombres obliques &#8211; 2020<\/figcaption><\/figure>\n\n\n\n<div style=\"height:100px\" aria-hidden=\"true\" class=\"wp-block-spacer\"><\/div>\n\n\n\n<figure class=\"wp-block-image size-large is-resized\"><img data-recalc-dims=\"1\" loading=\"lazy\" decoding=\"async\" src=\"https:\/\/i0.wp.com\/davidsibieude.art\/wp-content\/uploads\/2022\/11\/DSCN2237.jpg?resize=1002%2C1336&#038;ssl=1\" alt=\"\" class=\"wp-image-1444\" width=\"1002\" height=\"1336\" srcset=\"https:\/\/i0.wp.com\/davidsibieude.art\/wp-content\/uploads\/2022\/11\/DSCN2237.jpg?resize=768%2C1025&amp;ssl=1 768w, https:\/\/i0.wp.com\/davidsibieude.art\/wp-content\/uploads\/2022\/11\/DSCN2237.jpg?resize=225%2C300&amp;ssl=1 225w, https:\/\/i0.wp.com\/davidsibieude.art\/wp-content\/uploads\/2022\/11\/DSCN2237.jpg?resize=1151%2C1536&amp;ssl=1 1151w, https:\/\/i0.wp.com\/davidsibieude.art\/wp-content\/uploads\/2022\/11\/DSCN2237.jpg?w=1476&amp;ssl=1 1476w\" sizes=\"auto, (max-width: 1002px) 100vw, 1002px\" \/><figcaption class=\"wp-element-caption\"><strong>Exposition Bielger<\/strong> \/ Ici la marge du n\u00e9ant nous offre cette vision en maigre pitance &#8211; 2020<\/figcaption><\/figure>\n\n\n\n<div style=\"height:100px\" aria-hidden=\"true\" class=\"wp-block-spacer\"><\/div>\n\n\n\n<figure class=\"wp-block-image size-large is-resized\"><img data-recalc-dims=\"1\" loading=\"lazy\" decoding=\"async\" src=\"https:\/\/i0.wp.com\/davidsibieude.art\/wp-content\/uploads\/2022\/11\/DSCN2240.jpg?resize=1000%2C1334&#038;ssl=1\" alt=\"\" class=\"wp-image-1451\" width=\"1000\" height=\"1334\" srcset=\"https:\/\/i0.wp.com\/davidsibieude.art\/wp-content\/uploads\/2022\/11\/DSCN2240.jpg?resize=768%2C1025&amp;ssl=1 768w, https:\/\/i0.wp.com\/davidsibieude.art\/wp-content\/uploads\/2022\/11\/DSCN2240.jpg?resize=225%2C300&amp;ssl=1 225w, https:\/\/i0.wp.com\/davidsibieude.art\/wp-content\/uploads\/2022\/11\/DSCN2240.jpg?resize=1151%2C1536&amp;ssl=1 1151w, https:\/\/i0.wp.com\/davidsibieude.art\/wp-content\/uploads\/2022\/11\/DSCN2240.jpg?w=1476&amp;ssl=1 1476w\" sizes=\"auto, (max-width: 1000px) 100vw, 1000px\" \/><figcaption class=\"wp-element-caption\"><strong>Exposition Bielger <\/strong>\/ Grande boucle &#8211; 2020<\/figcaption><\/figure>\n\n\n\n<div style=\"height:100px\" aria-hidden=\"true\" class=\"wp-block-spacer\"><\/div>\n\n\n\n<figure class=\"wp-block-image size-large\"><img data-recalc-dims=\"1\" loading=\"lazy\" decoding=\"async\" width=\"1024\" height=\"768\" src=\"https:\/\/i0.wp.com\/davidsibieude.art\/wp-content\/uploads\/2022\/10\/3.jpg?resize=1024%2C768&#038;ssl=1\" alt=\"\" class=\"wp-image-222\" srcset=\"https:\/\/i0.wp.com\/davidsibieude.art\/wp-content\/uploads\/2022\/10\/3.jpg?resize=1024%2C768&amp;ssl=1 1024w, https:\/\/i0.wp.com\/davidsibieude.art\/wp-content\/uploads\/2022\/10\/3.jpg?resize=300%2C225&amp;ssl=1 300w, https:\/\/i0.wp.com\/davidsibieude.art\/wp-content\/uploads\/2022\/10\/3.jpg?resize=768%2C576&amp;ssl=1 768w, https:\/\/i0.wp.com\/davidsibieude.art\/wp-content\/uploads\/2022\/10\/3.jpg?resize=1536%2C1152&amp;ssl=1 1536w, https:\/\/i0.wp.com\/davidsibieude.art\/wp-content\/uploads\/2022\/10\/3.jpg?w=1575&amp;ssl=1 1575w\" sizes=\"auto, (max-width: 1024px) 100vw, 1024px\" \/><figcaption class=\"wp-element-caption\"><strong>Exposition Bielger<\/strong> \/ Vue de l&rsquo;exposition &#8211; 2020<\/figcaption><\/figure>\n\n\n\n<div style=\"height:100px\" aria-hidden=\"true\" class=\"wp-block-spacer\"><\/div>\n\n\n\n<figure class=\"wp-block-image size-large\"><img data-recalc-dims=\"1\" loading=\"lazy\" decoding=\"async\" width=\"1024\" height=\"768\" src=\"https:\/\/i0.wp.com\/davidsibieude.art\/wp-content\/uploads\/2022\/11\/DSCN2251.jpg?resize=1024%2C768&#038;ssl=1\" alt=\"\" class=\"wp-image-1455\" srcset=\"https:\/\/i0.wp.com\/davidsibieude.art\/wp-content\/uploads\/2022\/11\/DSCN2251.jpg?resize=1024%2C768&amp;ssl=1 1024w, https:\/\/i0.wp.com\/davidsibieude.art\/wp-content\/uploads\/2022\/11\/DSCN2251.jpg?resize=300%2C225&amp;ssl=1 300w, https:\/\/i0.wp.com\/davidsibieude.art\/wp-content\/uploads\/2022\/11\/DSCN2251.jpg?resize=768%2C576&amp;ssl=1 768w, https:\/\/i0.wp.com\/davidsibieude.art\/wp-content\/uploads\/2022\/11\/DSCN2251.jpg?resize=1536%2C1151&amp;ssl=1 1536w, https:\/\/i0.wp.com\/davidsibieude.art\/wp-content\/uploads\/2022\/11\/DSCN2251.jpg?w=1969&amp;ssl=1 1969w\" sizes=\"auto, (max-width: 1024px) 100vw, 1024px\" \/><figcaption class=\"wp-element-caption\"><strong>Exposition Bielger<\/strong> \/ Vue de l&rsquo;exposition &#8211; 2020<\/figcaption><\/figure>\n","protected":false},"excerpt":{"rendered":"<p>Galerie \u00e9ph\u00e9m\u00e8re Bielger &#8211; 2, place de l&rsquo;Universit\u00e9 \u00e0 Strasbourg, France &#8211; 24, 25 et 26 juillet 2020 Cette exposition s&rsquo;est tenue \u00e0 la galerie \u00e9ph\u00e9m\u00e8re Bielger. Elle s&rsquo;est d\u00e9roul\u00e9e sur une fin de semaine et a r\u00e9uni quatre jeunes artistes : la dessinatrice et peintre Camille Fischer, le sculpteur Max Coulon, le peintre Jean-Baptiste &#8230; <a title=\"Exposition Bielger\" class=\"read-more\" href=\"https:\/\/davidsibieude.art\/index.php\/exposition-bielger\/\" aria-label=\"En savoir plus sur Exposition Bielger\">Lire la suite<\/a><\/p>\n","protected":false},"author":1,"featured_media":0,"parent":0,"menu_order":0,"comment_status":"closed","ping_status":"closed","template":"","meta":{"footnotes":""},"class_list":["post-206","page","type-page","status-publish"],"yoast_head":"<!-- This site is optimized with the Yoast SEO plugin v26.0 - https:\/\/yoast.com\/wordpress\/plugins\/seo\/ -->\n<title>Exposition Bielger - David Sibieude<\/title>\n<meta name=\"robots\" content=\"index, follow, max-snippet:-1, max-image-preview:large, max-video-preview:-1\" \/>\n<link rel=\"canonical\" href=\"https:\/\/davidsibieude.art\/index.php\/exposition-bielger\/\" \/>\n<meta property=\"og:locale\" content=\"fr_FR\" \/>\n<meta property=\"og:type\" content=\"article\" \/>\n<meta property=\"og:title\" content=\"Exposition Bielger - David Sibieude\" \/>\n<meta property=\"og:description\" content=\"Galerie \u00e9ph\u00e9m\u00e8re Bielger &#8211; 2, place de l&rsquo;Universit\u00e9 \u00e0 Strasbourg, France &#8211; 24, 25 et 26 juillet 2020 Cette exposition s&rsquo;est tenue \u00e0 la galerie \u00e9ph\u00e9m\u00e8re Bielger. Elle s&rsquo;est d\u00e9roul\u00e9e sur une fin de semaine et a r\u00e9uni quatre jeunes artistes : la dessinatrice et peintre Camille Fischer, le sculpteur Max Coulon, le peintre Jean-Baptiste ... Lire la suite\" \/>\n<meta property=\"og:url\" content=\"https:\/\/davidsibieude.art\/index.php\/exposition-bielger\/\" \/>\n<meta property=\"og:site_name\" content=\"David Sibieude\" \/>\n<meta property=\"article:modified_time\" content=\"2022-11-17T14:19:47+00:00\" \/>\n<meta property=\"og:image\" content=\"https:\/\/davidsibieude.art\/wp-content\/uploads\/2022\/10\/invitation-exposition-Marie-Louise-Bielger-site-internet-722x1024.jpg\" \/>\n<meta name=\"twitter:card\" content=\"summary_large_image\" \/>\n<meta name=\"twitter:label1\" content=\"Dur\u00e9e de lecture estim\u00e9e\" \/>\n\t<meta name=\"twitter:data1\" content=\"1 minute\" \/>\n<script type=\"application\/ld+json\" class=\"yoast-schema-graph\">{\"@context\":\"https:\/\/schema.org\",\"@graph\":[{\"@type\":\"WebPage\",\"@id\":\"https:\/\/davidsibieude.art\/index.php\/exposition-bielger\/\",\"url\":\"https:\/\/davidsibieude.art\/index.php\/exposition-bielger\/\",\"name\":\"Exposition Bielger - David Sibieude\",\"isPartOf\":{\"@id\":\"https:\/\/davidsibieude.art\/#website\"},\"primaryImageOfPage\":{\"@id\":\"https:\/\/davidsibieude.art\/index.php\/exposition-bielger\/#primaryimage\"},\"image\":{\"@id\":\"https:\/\/davidsibieude.art\/index.php\/exposition-bielger\/#primaryimage\"},\"thumbnailUrl\":\"https:\/\/davidsibieude.art\/wp-content\/uploads\/2022\/10\/invitation-exposition-Marie-Louise-Bielger-site-internet-722x1024.jpg\",\"datePublished\":\"2022-10-10T14:15:43+00:00\",\"dateModified\":\"2022-11-17T14:19:47+00:00\",\"breadcrumb\":{\"@id\":\"https:\/\/davidsibieude.art\/index.php\/exposition-bielger\/#breadcrumb\"},\"inLanguage\":\"fr-FR\",\"potentialAction\":[{\"@type\":\"ReadAction\",\"target\":[\"https:\/\/davidsibieude.art\/index.php\/exposition-bielger\/\"]}]},{\"@type\":\"ImageObject\",\"inLanguage\":\"fr-FR\",\"@id\":\"https:\/\/davidsibieude.art\/index.php\/exposition-bielger\/#primaryimage\",\"url\":\"https:\/\/i0.wp.com\/davidsibieude.art\/wp-content\/uploads\/2022\/10\/invitation-exposition-Marie-Louise-Bielger-site-internet.jpg?fit=1748%2C2480&ssl=1\",\"contentUrl\":\"https:\/\/i0.wp.com\/davidsibieude.art\/wp-content\/uploads\/2022\/10\/invitation-exposition-Marie-Louise-Bielger-site-internet.jpg?fit=1748%2C2480&ssl=1\",\"width\":1748,\"height\":2480},{\"@type\":\"BreadcrumbList\",\"@id\":\"https:\/\/davidsibieude.art\/index.php\/exposition-bielger\/#breadcrumb\",\"itemListElement\":[{\"@type\":\"ListItem\",\"position\":1,\"name\":\"Accueil\",\"item\":\"https:\/\/davidsibieude.art\/\"},{\"@type\":\"ListItem\",\"position\":2,\"name\":\"Exposition Bielger\"}]},{\"@type\":\"WebSite\",\"@id\":\"https:\/\/davidsibieude.art\/#website\",\"url\":\"https:\/\/davidsibieude.art\/\",\"name\":\"David Sibieude\",\"description\":\"artiste peintre\",\"potentialAction\":[{\"@type\":\"SearchAction\",\"target\":{\"@type\":\"EntryPoint\",\"urlTemplate\":\"https:\/\/davidsibieude.art\/?s={search_term_string}\"},\"query-input\":{\"@type\":\"PropertyValueSpecification\",\"valueRequired\":true,\"valueName\":\"search_term_string\"}}],\"inLanguage\":\"fr-FR\"}]}<\/script>\n<!-- \/ Yoast SEO plugin. -->","yoast_head_json":{"title":"Exposition Bielger - David Sibieude","robots":{"index":"index","follow":"follow","max-snippet":"max-snippet:-1","max-image-preview":"max-image-preview:large","max-video-preview":"max-video-preview:-1"},"canonical":"https:\/\/davidsibieude.art\/index.php\/exposition-bielger\/","og_locale":"fr_FR","og_type":"article","og_title":"Exposition Bielger - David Sibieude","og_description":"Galerie \u00e9ph\u00e9m\u00e8re Bielger &#8211; 2, place de l&rsquo;Universit\u00e9 \u00e0 Strasbourg, France &#8211; 24, 25 et 26 juillet 2020 Cette exposition s&rsquo;est tenue \u00e0 la galerie \u00e9ph\u00e9m\u00e8re Bielger. Elle s&rsquo;est d\u00e9roul\u00e9e sur une fin de semaine et a r\u00e9uni quatre jeunes artistes : la dessinatrice et peintre Camille Fischer, le sculpteur Max Coulon, le peintre Jean-Baptiste ... Lire la suite","og_url":"https:\/\/davidsibieude.art\/index.php\/exposition-bielger\/","og_site_name":"David Sibieude","article_modified_time":"2022-11-17T14:19:47+00:00","og_image":[{"url":"https:\/\/davidsibieude.art\/wp-content\/uploads\/2022\/10\/invitation-exposition-Marie-Louise-Bielger-site-internet-722x1024.jpg","type":"","width":"","height":""}],"twitter_card":"summary_large_image","twitter_misc":{"Dur\u00e9e de lecture estim\u00e9e":"1 minute"},"schema":{"@context":"https:\/\/schema.org","@graph":[{"@type":"WebPage","@id":"https:\/\/davidsibieude.art\/index.php\/exposition-bielger\/","url":"https:\/\/davidsibieude.art\/index.php\/exposition-bielger\/","name":"Exposition Bielger - David Sibieude","isPartOf":{"@id":"https:\/\/davidsibieude.art\/#website"},"primaryImageOfPage":{"@id":"https:\/\/davidsibieude.art\/index.php\/exposition-bielger\/#primaryimage"},"image":{"@id":"https:\/\/davidsibieude.art\/index.php\/exposition-bielger\/#primaryimage"},"thumbnailUrl":"https:\/\/davidsibieude.art\/wp-content\/uploads\/2022\/10\/invitation-exposition-Marie-Louise-Bielger-site-internet-722x1024.jpg","datePublished":"2022-10-10T14:15:43+00:00","dateModified":"2022-11-17T14:19:47+00:00","breadcrumb":{"@id":"https:\/\/davidsibieude.art\/index.php\/exposition-bielger\/#breadcrumb"},"inLanguage":"fr-FR","potentialAction":[{"@type":"ReadAction","target":["https:\/\/davidsibieude.art\/index.php\/exposition-bielger\/"]}]},{"@type":"ImageObject","inLanguage":"fr-FR","@id":"https:\/\/davidsibieude.art\/index.php\/exposition-bielger\/#primaryimage","url":"https:\/\/i0.wp.com\/davidsibieude.art\/wp-content\/uploads\/2022\/10\/invitation-exposition-Marie-Louise-Bielger-site-internet.jpg?fit=1748%2C2480&ssl=1","contentUrl":"https:\/\/i0.wp.com\/davidsibieude.art\/wp-content\/uploads\/2022\/10\/invitation-exposition-Marie-Louise-Bielger-site-internet.jpg?fit=1748%2C2480&ssl=1","width":1748,"height":2480},{"@type":"BreadcrumbList","@id":"https:\/\/davidsibieude.art\/index.php\/exposition-bielger\/#breadcrumb","itemListElement":[{"@type":"ListItem","position":1,"name":"Accueil","item":"https:\/\/davidsibieude.art\/"},{"@type":"ListItem","position":2,"name":"Exposition Bielger"}]},{"@type":"WebSite","@id":"https:\/\/davidsibieude.art\/#website","url":"https:\/\/davidsibieude.art\/","name":"David Sibieude","description":"artiste peintre","potentialAction":[{"@type":"SearchAction","target":{"@type":"EntryPoint","urlTemplate":"https:\/\/davidsibieude.art\/?s={search_term_string}"},"query-input":{"@type":"PropertyValueSpecification","valueRequired":true,"valueName":"search_term_string"}}],"inLanguage":"fr-FR"}]}},"jetpack_sharing_enabled":true,"_links":{"self":[{"href":"https:\/\/davidsibieude.art\/index.php\/wp-json\/wp\/v2\/pages\/206","targetHints":{"allow":["GET"]}}],"collection":[{"href":"https:\/\/davidsibieude.art\/index.php\/wp-json\/wp\/v2\/pages"}],"about":[{"href":"https:\/\/davidsibieude.art\/index.php\/wp-json\/wp\/v2\/types\/page"}],"author":[{"embeddable":true,"href":"https:\/\/davidsibieude.art\/index.php\/wp-json\/wp\/v2\/users\/1"}],"replies":[{"embeddable":true,"href":"https:\/\/davidsibieude.art\/index.php\/wp-json\/wp\/v2\/comments?post=206"}],"version-history":[{"count":27,"href":"https:\/\/davidsibieude.art\/index.php\/wp-json\/wp\/v2\/pages\/206\/revisions"}],"predecessor-version":[{"id":2294,"href":"https:\/\/davidsibieude.art\/index.php\/wp-json\/wp\/v2\/pages\/206\/revisions\/2294"}],"wp:attachment":[{"href":"https:\/\/davidsibieude.art\/index.php\/wp-json\/wp\/v2\/media?parent=206"}],"curies":[{"name":"wp","href":"https:\/\/api.w.org\/{rel}","templated":true}]}}